{"id":223,"date":"2025-10-08T12:56:51","date_gmt":"2025-10-08T10:56:51","guid":{"rendered":"https:\/\/www.erlebnis-frankfurt.de\/blog\/?page_id=223"},"modified":"2025-10-08T18:07:01","modified_gmt":"2025-10-08T16:07:01","slug":"frankfurts-kirchen","status":"publish","type":"page","link":"https:\/\/www.erlebnis-frankfurt.de\/blog\/frankfurts-bauwerke\/frankfurts-kirchen\/","title":{"rendered":"Frankfurts Kirchen"},"content":{"rendered":"<ul class=\"wp-block-latest-posts__list has-dates wp-block-latest-posts\"><li><div class=\"wp-block-latest-posts__featured-image alignleft\"><a href=\"https:\/\/www.erlebnis-frankfurt.de\/blog\/wenn-frankfurt-klingt-das-stadtgelaeut\/\" aria-label=\"Wenn Frankfurt klingt \u2013 Das Stadtgel\u00e4ut\"><img loading=\"lazy\" decoding=\"async\" width=\"150\" height=\"150\" src=\"https:\/\/www.erlebnis-frankfurt.de\/blog\/wp-content\/uploads\/2025\/10\/stadtgelaeut_01-150x150.jpg\" class=\"attachment-thumbnail size-thumbnail wp-post-image\" alt=\"Kirchenglocken\" style=\"\" \/><\/a><\/div><a class=\"wp-block-latest-posts__post-title\" href=\"https:\/\/www.erlebnis-frankfurt.de\/blog\/wenn-frankfurt-klingt-das-stadtgelaeut\/\">Wenn Frankfurt klingt \u2013 Das Stadtgel\u00e4ut<\/a><time datetime=\"2025-11-29T09:24:00+01:00\" class=\"wp-block-latest-posts__post-date\">29. November 2025<\/time><div class=\"wp-block-latest-posts__post-excerpt\">Es gibt Momente in Frankfurt am Main, da steht die Stadt f\u00fcr einen Augenblick still. Kein Autol\u00e4rm, kein Stimmengewirr, nur Klang. Tief, warm, ehrw\u00fcrdig. Dann wei\u00df man: Es ist wieder Zeit f\u00fcr das Gro\u00dfe Stadtgel\u00e4ut\u2026\u00a0<a class=\"wp-block-latest-posts__read-more\" href=\"https:\/\/www.erlebnis-frankfurt.de\/blog\/wenn-frankfurt-klingt-das-stadtgelaeut\/\" rel=\"noopener noreferrer\"><span class=\"screen-reader-text\">Wenn Frankfurt klingt \u2013 Das Stadtgel\u00e4ut <\/span>weiterlesen<\/a><\/div><\/li>\n<li><div class=\"wp-block-latest-posts__featured-image alignleft\"><a href=\"https:\/\/www.erlebnis-frankfurt.de\/blog\/frankfurter-dom-ein-stueck-filmgeschichte-mitten-in-der-stadt\/\" aria-label=\"Frankfurter Dom \u2013 Geschichte, Kaiserdom und Besuchertipps f\u00fcr Frankfurt\"><img loading=\"lazy\" decoding=\"async\" width=\"150\" height=\"150\" src=\"https:\/\/www.erlebnis-frankfurt.de\/blog\/wp-content\/uploads\/2025\/10\/frankfurter-dom-01-scaled-e1759917986854-150x150.jpg\" class=\"attachment-thumbnail size-thumbnail wp-post-image\" alt=\"Frankfurter Dom Kaiserdom\" style=\"\" \/><\/a><\/div><a class=\"wp-block-latest-posts__post-title\" href=\"https:\/\/www.erlebnis-frankfurt.de\/blog\/frankfurter-dom-ein-stueck-filmgeschichte-mitten-in-der-stadt\/\">Frankfurter Dom \u2013 Geschichte, Kaiserdom und Besuchertipps f\u00fcr Frankfurt<\/a><time datetime=\"2025-06-07T09:21:01+02:00\" class=\"wp-block-latest-posts__post-date\">7. Juni 2025<\/time><div class=\"wp-block-latest-posts__post-excerpt\">Der&nbsp;Dom St. Bartholom\u00e4us&nbsp;\u2013 auch&nbsp;Kaiserdom zu Frankfurt am Main oder Frankfurter Dom, geh\u00f6rt zu den wichtigsten historischen Bauwerken in Frankfurt am Main. Mit seinem markanten roten Sandstein-Turm pr\u00e4gt er seit Jahrhunderten die Skyline der Altstadt \u2013\u2026\u00a0<a class=\"wp-block-latest-posts__read-more\" href=\"https:\/\/www.erlebnis-frankfurt.de\/blog\/frankfurter-dom-ein-stueck-filmgeschichte-mitten-in-der-stadt\/\" rel=\"noopener noreferrer\"><span class=\"screen-reader-text\">Frankfurter Dom \u2013 Geschichte, Kaiserdom und Besuchertipps f\u00fcr Frankfurt <\/span>weiterlesen<\/a><\/div><\/li>\n<\/ul>","protected":false},"excerpt":{"rendered":"","protected":false},"author":1,"featured_media":0,"parent":218,"menu_order":0,"comment_status":"closed","ping_status":"closed","template":"","meta":{"footnotes":""},"class_list":["post-223","page","type-page","status-publish","hentry"],"_links":{"self":[{"href":"https:\/\/www.erlebnis-frankfurt.de\/blog\/wp-json\/wp\/v2\/pages\/223","targetHints":{"allow":["GET"]}}],"collection":[{"href":"https:\/\/www.erlebnis-frankfurt.de\/blog\/wp-json\/wp\/v2\/pages"}],"about":[{"href":"https:\/\/www.erlebnis-frankfurt.de\/blog\/wp-json\/wp\/v2\/types\/page"}],"author":[{"embeddable":true,"href":"https:\/\/www.erlebnis-frankfurt.de\/blog\/wp-json\/wp\/v2\/users\/1"}],"replies":[{"embeddable":true,"href":"https:\/\/www.erlebnis-frankfurt.de\/blog\/wp-json\/wp\/v2\/comments?post=223"}],"version-history":[{"count":1,"href":"https:\/\/www.erlebnis-frankfurt.de\/blog\/wp-json\/wp\/v2\/pages\/223\/revisions"}],"predecessor-version":[{"id":224,"href":"https:\/\/www.erlebnis-frankfurt.de\/blog\/wp-json\/wp\/v2\/pages\/223\/revisions\/224"}],"up":[{"embeddable":true,"href":"https:\/\/www.erlebnis-frankfurt.de\/blog\/wp-json\/wp\/v2\/pages\/218"}],"wp:attachment":[{"href":"https:\/\/www.erlebnis-frankfurt.de\/blog\/wp-json\/wp\/v2\/media?parent=223"}],"curies":[{"name":"wp","href":"https:\/\/api.w.org\/{rel}","templated":true}]}}